{"id":733,"date":"2024-04-16T11:45:20","date_gmt":"2024-04-16T11:45:20","guid":{"rendered":"http:\/\/entrgroup.se\/?post_type=concert&#038;p=733"},"modified":"2024-05-03T08:25:57","modified_gmt":"2024-05-03T08:25:57","slug":"acid-pauli-mira-fabian-tanz","status":"publish","type":"concert","link":"https:\/\/entrgroup.se\/sv\/concert\/acid-pauli-mira-fabian-tanz\/","title":{"rendered":"ACID PAULI \/MIRA \/FABIAN TANZ"},"content":{"rendered":"<div class=\"x11i5rnm xat24cr x1mh8g0r x1vvkbs xtlvy1s\">\n<p>Acid Pauli \u00e4r Martin Gretschmanns klubborienterade liveset. Det har under \u00e5ren f\u00f6rvandlats till ett avancerat DJ-framtr\u00e4dande, som inte bara inneh\u00e5ller techno och house utan ett brett utbud av musik \u00f6ver genrer bortom dansmusik. Som en m\u00e5ngsidig musiker \u00e4r Martin lika bekv\u00e4m med att upptr\u00e4da p\u00e5 Techno Clubs i New York eller Ibiza som han producerar radiospel och skriver filmmusik.<\/p>\n<\/div>\n<div class=\"x11i5rnm xat24cr x1mh8g0r x1vvkbs xtlvy1s\">Mira \u00e4r den d\u00e4r s\u00e4llsynta sortens DJ vars musik omedelbart kan transportera dig in i hennes v\u00e4rld \u2013 en midnattscirkus i Berlin, d\u00e4r tiden tappar all definition och allt blir m\u00f6jligt. Hon b\u00f6rjade DJ:a 1996 och blev snabbt framtr\u00e4dande som en del av den v\u00e4xande underjordiska technoscenen runt Leipzig och Halle\/Saale. Hennes h\u00e4ngivenhet f\u00f6r sitt hantverk och naturliga talang gav snabbt resultat med en rad snabba framg\u00e5ngar, vilket ledde till att hon i h\u00f6g grad formade den elektroniska musikscenen i \u00f6stra Tyskland fr\u00e5n den tidpunkten.<\/div>\n<div class=\"x11i5rnm xat24cr x1mh8g0r x1vvkbs xtlvy1s\">F\u00f6r f\u00f6rsta g\u00e5ngen n\u00e5gonsin ser ni b\u00e5da tv\u00e5 p\u00e5 samma line up i Stockholm och som om det inte vore nog kommer v\u00e5r egna Fabian Tanz att \u00f6ppna kv\u00e4llen inne p\u00e5 i stora salongen p\u00e5 Berns.<br \/>\nDenna kv\u00e4ll kommer bli magisk \u2013 en dans i kalla April under takkronorna p\u00e5 en av Stockholms \u00e4ldsta venues.<\/div>\n<div class=\"x11i5rnm xat24cr x1mh8g0r x1vvkbs xtlvy1s\"><\/div>\n<div class=\"x11i5rnm xat24cr x1mh8g0r x1vvkbs xtlvy1s\">LINE UP<br \/>\nAcid Pauli<br \/>\nMira<br \/>\nFabian Tanz<\/div>\n<div class=\"x11i5rnm xat24cr x1mh8g0r x1vvkbs xtlvy1s\">NEU<br \/>\nNassim Mehran<br \/>\nSurfface<\/div>\n<div class=\"x11i5rnm xat24cr x1mh8g0r x1vvkbs xtlvy1s\">Vi reserverar oss f\u00f6r eventuella \u00e4ndringar.<br \/>\n20\/ID<\/div>\n","protected":false},"featured_media":730,"template":"","class_list":["post-733","concert","type-concert","status-publish","has-post-thumbnail","hentry"],"acf":[],"_links":{"self":[{"href":"https:\/\/entrgroup.se\/sv\/wp-json\/wp\/v2\/concert\/733","targetHints":{"allow":["GET"]}}],"collection":[{"href":"https:\/\/entrgroup.se\/sv\/wp-json\/wp\/v2\/concert"}],"about":[{"href":"https:\/\/entrgroup.se\/sv\/wp-json\/wp\/v2\/types\/concert"}],"wp:featuredmedia":[{"embeddable":true,"href":"https:\/\/entrgroup.se\/sv\/wp-json\/wp\/v2\/media\/730"}],"wp:attachment":[{"href":"https:\/\/entrgroup.se\/sv\/wp-json\/wp\/v2\/media?parent=733"}],"curies":[{"name":"wp","href":"https:\/\/api.w.org\/{rel}","templated":true}]}}